{"id":6445,"date":"2025-06-22T03:21:54","date_gmt":"2025-06-22T03:21:54","guid":{"rendered":"https:\/\/janca.com\/home\/?page_id=6445"},"modified":"2025-06-22T04:48:13","modified_gmt":"2025-06-22T04:48:13","slug":"cubo-por-la-paz","status":"publish","type":"page","link":"https:\/\/janca.com\/home\/cubo-por-la-paz\/","title":{"rendered":"CUBO por la PAZ"},"content":{"rendered":"\t\t<div data-elementor-type=\"wp-page\" data-elementor-id=\"6445\" class=\"elementor elementor-6445\">\n\t\t\t\t<div class=\"elementor-element elementor-element-6ed009b e-flex e-con-boxed e-con e-parent\" data-id=\"6ed009b\" data-element_type=\"container\" data-e-type=\"container\">\n\t\t\t\t\t<div class=\"e-con-inner\">\n\t\t\t\t<div class=\"elementor-element elementor-element-4997514 elementor-widget elementor-widget-text-editor\" data-id=\"4997514\" data-element_type=\"widget\" data-e-type=\"widget\" data-widget_type=\"text-editor.default\">\n\t\t\t\t<div class=\"elementor-widget-container\">\n\t\t\t\t\t\t\t\t\t<h3 style=\"text-align: center;\"><strong>\u00a0 \u00a0 \u00a0 \u00a0 \u00a0 \u00a0 \u00a0 \u00a0 \u00a0 \u00a0 \u00a0 \u00a0 \u00a0 \u00a0 \u00a0 \u00a0 \u00a0 \u00a0 \u00a0 \u00a0 \u00a0 \u00a0 \u00a0 \u00a0 \u00a0 \u00a0CUBO por la PAZ\u00a0 \u00a0 \u00a0 \u00a0 \u00a0 \u00a0 \u00a0 \u00a0 \u00a0 \u00a0 \u00a0 \u00a0 \u00a0 \u00a0 \u00a0 \u00a0 \u00a0 \u00a0 \u00a0 \u00a0 \u00a0\u00a0<a href=\"https:\/\/janca.com\/home\/art_instalation\/\"><img decoding=\"async\" class=\"alignnone wp-image-2750\" src=\"https:\/\/janca.com\/home\/wp-content\/uploads\/2025\/04\/fleizqamarilla.png\" alt=\"\" width=\"20\" height=\"15\" \/><\/a><\/strong><\/h3>\t\t\t\t\t\t\t\t<\/div>\n\t\t\t\t<\/div>\n\t\t\t\t\t<\/div>\n\t\t\t\t<\/div>\n\t\t<div class=\"elementor-element elementor-element-7872042 e-flex e-con-boxed e-con e-parent\" data-id=\"7872042\" data-element_type=\"container\" data-e-type=\"container\">\n\t\t\t\t\t<div class=\"e-con-inner\">\n\t\t<div class=\"elementor-element elementor-element-83519fc e-con-full e-flex e-con e-child\" data-id=\"83519fc\" data-element_type=\"container\" data-e-type=\"container\">\n\t\t\t\t<div class=\"elementor-element elementor-element-dd62828 elementor-widget elementor-widget-image\" data-id=\"dd62828\" data-element_type=\"widget\" data-e-type=\"widget\" data-widget_type=\"image.default\">\n\t\t\t\t<div class=\"elementor-widget-container\">\n\t\t\t\t\t\t\t\t\t\t\t\t\t\t\t<img decoding=\"async\" src=\"https:\/\/janca.com\/home\/wp-content\/uploads\/elementor\/thumbs\/NUIT-BLANCHE-2015-BGTA-463-scaled-r7n03mdxndttg0lwuwqtahsn6v58ootob3xq6a8xgw.jpg\" title=\"NUIT BLANCHE 2015 BGTA (463)\" alt=\"NUIT BLANCHE 2015 BGTA (463)\" loading=\"lazy\" \/>\t\t\t\t\t\t\t\t\t\t\t\t\t\t\t<\/div>\n\t\t\t\t<\/div>\n\t\t\t\t<\/div>\n\t\t<div class=\"elementor-element elementor-element-7c9c630 e-con-full e-flex e-con e-child\" data-id=\"7c9c630\" data-element_type=\"container\" data-e-type=\"container\">\n\t\t\t\t<div class=\"elementor-element elementor-element-217aa26 elementor-widget elementor-widget-text-editor\" data-id=\"217aa26\" data-element_type=\"widget\" data-e-type=\"widget\" data-widget_type=\"text-editor.default\">\n\t\t\t\t<div class=\"elementor-widget-container\">\n\t\t\t\t\t\t\t\t\t<p style=\"text-align: justify;\">\u00abCon esta instalaci\u00f3n invito al p\u00fablico a reflexionar sobre c\u00f3mo manejamos nuestras emociones y nuestras vidas cuando hemos sido v\u00edctimas de violencia (infancia, colegio, pareja, trabajo, calle, delincuencia, guerra).<\/p>\n<p style=\"text-align: justify;\"><b>C\u00f3mo vivimos por culpa de ella.\nC\u00f3mo deber\u00edamos vivir a pesar de ella<\/b>.<\/p>\n<p style=\"text-align: justify;\">Las personas que hemos sido v\u00edctimas de violencia, para lograr y poder superar esa agresi\u00f3n y seguir en la vida lo mejor posible, tenemos que hacer un trabajo interno sobre nosotros mismos.\nHay que entrar en el concepto del <b>perd\u00f3n, de la resiliencia\u2026<\/b>\nNo es f\u00e1cil\u2026 mas es necesario para cada uno de nosotros.\nS\u00f3lo as\u00ed <b>dejaremos de ser v\u00edctimas.<\/b><\/p>\n<p style=\"text-align: justify;\">Invito a entrar en este \u201cCUBO por la PAZ\u201d al que quiera hacerse esa reflexi\u00f3n, y despu\u00e9s de haber escrito sobre un globo aquello que debe perdonar, los haremos todos explotar simultaneamente y as\u00ed tal vez, sentiremos en lo m\u00e1s profundo de nuestro ser, <b>un soplo de ligereza<\/b>.\u00bb<\/p>\n<h3 style=\"text-align: right;\"><b>Janca<\/b><\/h3>\t\t\t\t\t\t\t\t<\/div>\n\t\t\t\t<\/div>\n\t\t\t\t<\/div>\n\t\t\t\t\t<\/div>\n\t\t\t\t<\/div>\n\t\t\t\t<\/div>\n\t\t","protected":false},"excerpt":{"rendered":"<p>\u00a0 \u00a0 \u00a0 \u00a0 \u00a0 \u00a0 \u00a0 \u00a0 \u00a0 \u00a0 \u00a0 \u00a0 \u00a0 \u00a0 \u00a0 \u00a0 \u00a0 \u00a0 \u00a0 \u00a0 \u00a0 \u00a0 \u00a0 \u00a0 \u00a0 \u00a0CUBO por la PAZ\u00a0 \u00a0 \u00a0 \u00a0 \u00a0 \u00a0 \u00a0 \u00a0 \u00a0 \u00a0 \u00a0 \u00a0 \u00a0 \u00a0 \u00a0 \u00a0 \u00a0 \u00a0 \u00a0 \u00a0 \u00a0\u00a0 \u00abCon esta instalaci\u00f3n invito al p\u00fablico&hellip;&nbsp;<a href=\"https:\/\/janca.com\/home\/cubo-por-la-paz\/\" rel=\"bookmark\">Leer m\u00e1s &raquo;<span class=\"screen-reader-text\">CUBO por la PAZ<\/span><\/a><\/p>\n","protected":false},"author":1,"featured_media":0,"parent":0,"menu_order":0,"comment_status":"closed","ping_status":"closed","template":"page-templates\/template-pagebuilder-full-width.php","meta":{"neve_meta_sidebar":"","neve_meta_container":"","neve_meta_enable_content_width":"","neve_meta_content_width":0,"neve_meta_title_alignment":"","neve_meta_author_avatar":"","neve_post_elements_order":"","neve_meta_disable_header":"","neve_meta_disable_footer":"","neve_meta_disable_title":"","neve_meta_reading_time":"","_themeisle_gutenberg_block_has_review":false,"footnotes":""},"class_list":["post-6445","page","type-page","status-publish","hentry"],"_links":{"self":[{"href":"https:\/\/janca.com\/home\/wp-json\/wp\/v2\/pages\/6445","targetHints":{"allow":["GET"]}}],"collection":[{"href":"https:\/\/janca.com\/home\/wp-json\/wp\/v2\/pages"}],"about":[{"href":"https:\/\/janca.com\/home\/wp-json\/wp\/v2\/types\/page"}],"author":[{"embeddable":true,"href":"https:\/\/janca.com\/home\/wp-json\/wp\/v2\/users\/1"}],"replies":[{"embeddable":true,"href":"https:\/\/janca.com\/home\/wp-json\/wp\/v2\/comments?post=6445"}],"version-history":[{"count":28,"href":"https:\/\/janca.com\/home\/wp-json\/wp\/v2\/pages\/6445\/revisions"}],"predecessor-version":[{"id":6551,"href":"https:\/\/janca.com\/home\/wp-json\/wp\/v2\/pages\/6445\/revisions\/6551"}],"wp:attachment":[{"href":"https:\/\/janca.com\/home\/wp-json\/wp\/v2\/media?parent=6445"}],"curies":[{"name":"wp","href":"https:\/\/api.w.org\/{rel}","templated":true}]}}