{"id":3681,"date":"2025-04-25T09:33:19","date_gmt":"2025-04-25T09:33:19","guid":{"rendered":"https:\/\/janca.com\/home\/?page_id=3681"},"modified":"2025-04-29T21:30:10","modified_gmt":"2025-04-29T21:30:10","slug":"acto_v_ref_historica","status":"publish","type":"page","link":"https:\/\/janca.com\/home\/acto_v_ref_historica\/","title":{"rendered":"acto_v_ref_historica"},"content":{"rendered":"\t\t<div data-elementor-type=\"wp-page\" data-elementor-id=\"3681\" class=\"elementor elementor-3681\">\n\t\t\t\t<div class=\"elementor-element elementor-element-7387574 e-flex e-con-boxed e-con e-parent\" data-id=\"7387574\" data-element_type=\"container\" data-e-type=\"container\">\n\t\t\t\t\t<div class=\"e-con-inner\">\n\t\t<div class=\"elementor-element elementor-element-f62228d e-con-full e-flex e-con e-child\" data-id=\"f62228d\" data-element_type=\"container\" data-e-type=\"container\">\n\t\t\t\t<div class=\"elementor-element elementor-element-b4b6806 elementor-widget elementor-widget-text-editor\" data-id=\"b4b6806\" data-element_type=\"widget\" data-e-type=\"widget\" data-widget_type=\"text-editor.default\">\n\t\t\t\t<div class=\"elementor-widget-container\">\n\t\t\t\t\t\t\t\t\t<h3 style=\"text-align: center;\"><strong>\u00a0 \u00a0 \u00a0 \u00a0 \u00a0 \u00a0 \u00a0 \u00a0 \u00a0 \u00a0 \u00a0 \u00a0 act V : LOS HUGONOTES<\/strong><\/h3>\t\t\t\t\t\t\t\t<\/div>\n\t\t\t\t<\/div>\n\t\t\t\t<\/div>\n\t\t<div class=\"elementor-element elementor-element-2e0c30d e-con-full e-flex e-con e-child\" data-id=\"2e0c30d\" data-element_type=\"container\" data-e-type=\"container\">\n\t\t\t\t<div class=\"elementor-element elementor-element-d38e049 elementor-widget elementor-widget-image\" data-id=\"d38e049\" data-element_type=\"widget\" data-e-type=\"widget\" data-widget_type=\"image.default\">\n\t\t\t\t<div class=\"elementor-widget-container\">\n\t\t\t\t\t\t\t\t\t\t\t\t\t\t\t\t<a href=\"https:\/\/janca.com\/home\/silences-actov\/\">\n\t\t\t\t\t\t\t<img decoding=\"async\" width=\"31\" height=\"23\" src=\"https:\/\/janca.com\/home\/wp-content\/uploads\/2025\/04\/fleizqamarilla.png\" class=\"attachment-thumbnail size-thumbnail wp-image-2750\" alt=\"\" \/>\t\t\t\t\t\t\t\t<\/a>\n\t\t\t\t\t\t\t\t\t\t\t\t\t\t\t<\/div>\n\t\t\t\t<\/div>\n\t\t\t\t<\/div>\n\t\t\t\t\t<\/div>\n\t\t\t\t<\/div>\n\t\t<div class=\"elementor-element elementor-element-19d7cde e-flex e-con-boxed e-con e-parent\" data-id=\"19d7cde\" data-element_type=\"container\" data-e-type=\"container\">\n\t\t\t\t\t<div class=\"e-con-inner\">\n\t\t<div class=\"elementor-element elementor-element-7fedbfb e-con-full e-flex e-con e-child\" data-id=\"7fedbfb\" data-element_type=\"container\" data-e-type=\"container\">\n\t\t\t\t<div class=\"elementor-element elementor-element-d65caff elementor-invisible elementor-widget elementor-widget-text-editor\" data-id=\"d65caff\" data-element_type=\"widget\" data-e-type=\"widget\" data-settings=\"{&quot;_animation&quot;:&quot;zoomIn&quot;}\" data-widget_type=\"text-editor.default\">\n\t\t\t\t<div class=\"elementor-widget-container\">\n\t\t\t\t\t\t\t\t\t<p style=\"text-align: center;\"><span style=\"color: #ff0000;\">ADVERTENCIA &#8211; <\/span><span style=\"color: #ff0000;\">IM\u00c1GENES SENSIBLES<\/span><\/p>\t\t\t\t\t\t\t\t<\/div>\n\t\t\t\t<\/div>\n\t\t\t\t<\/div>\n\t\t\t\t\t<\/div>\n\t\t\t\t<\/div>\n\t\t<div class=\"elementor-element elementor-element-839738b e-flex e-con-boxed e-con e-parent\" data-id=\"839738b\" data-element_type=\"container\" data-e-type=\"container\">\n\t\t\t\t\t<div class=\"e-con-inner\">\n\t\t\t\t<div class=\"elementor-element elementor-element-492db10 elementor-widget elementor-widget-text-editor\" data-id=\"492db10\" data-element_type=\"widget\" data-e-type=\"widget\" data-settings=\"{&quot;_animation&quot;:&quot;none&quot;}\" data-widget_type=\"text-editor.default\">\n\t\t\t\t<div class=\"elementor-widget-container\">\n\t\t\t\t\t\t\t\t\t<p style=\"text-align: center;\">MASACRES<\/p>\t\t\t\t\t\t\t\t<\/div>\n\t\t\t\t<\/div>\n\t\t\t\t\t<\/div>\n\t\t\t\t<\/div>\n\t\t<div class=\"elementor-element elementor-element-ff8adb6 e-flex e-con-boxed e-con e-parent\" data-id=\"ff8adb6\" data-element_type=\"container\" data-e-type=\"container\">\n\t\t\t\t\t<div class=\"e-con-inner\">\n\t\t<div class=\"elementor-element elementor-element-d910e6e e-con-full e-flex e-con e-child\" data-id=\"d910e6e\" data-element_type=\"container\" data-e-type=\"container\">\n\t\t<div class=\"elementor-element elementor-element-0534840 e-con-full e-flex e-con e-child\" data-id=\"0534840\" data-element_type=\"container\" data-e-type=\"container\">\n\t\t\t\t<div class=\"elementor-element elementor-element-7a879b4 elementor-widget elementor-widget-text-editor\" data-id=\"7a879b4\" data-element_type=\"widget\" data-e-type=\"widget\" data-widget_type=\"text-editor.default\">\n\t\t\t\t<div class=\"elementor-widget-container\">\n\t\t\t\t\t\t\t\t\t<p style=\"text-align: left;\">R\u00cdOS<\/p><p><a href=\"https:\/\/rutasdelconflicto.com\/rios-vida-muerte\/rios\/r-o-cauca#:~:text=De%20acuerdo%20con%20los%20registros,resto%20de%20hombres%2C%20incluidos%20ni%C3%B1os\" target=\"_blank\" rel=\"noopener\">COLOMBIA &#8211; R\u00cdO CAUCA\u00a0\u00a0<\/a><\/p><p><a href=\"https:\/\/infos.rtl.lu\/actu\/monde\/a\/1822262.html\" target=\"_blank\" rel=\"noopener\">COLOMBIA &#8211; R\u00cdOS <\/a><\/p><p><a href=\"https:\/\/www.iwacu-burundi.org\/des-cadavres-dans-le-lac-rweru\/\" target=\"_blank\" rel=\"noopener\">RWANDA 2014 &#8211; LAGO RWERU<\/a><\/p><p><a href=\"https:\/\/fr.wikipedia.org\/wiki\/Massacre_de_la_rivi%C3%A8re_Queiq\" target=\"_blank\" rel=\"noopener\">SIRIA 2013 &#8211; R\u00cdO QUEIQ<\/a><\/p>\t\t\t\t\t\t\t\t<\/div>\n\t\t\t\t<\/div>\n\t\t\t\t<\/div>\n\t\t<div class=\"elementor-element elementor-element-95176dd e-con-full e-flex e-con e-child\" data-id=\"95176dd\" data-element_type=\"container\" data-e-type=\"container\">\n\t\t\t\t<div class=\"elementor-element elementor-element-58a22b6 elementor-widget elementor-widget-text-editor\" data-id=\"58a22b6\" data-element_type=\"widget\" data-e-type=\"widget\" data-widget_type=\"text-editor.default\">\n\t\t\t\t<div class=\"elementor-widget-container\">\n\t\t\t\t\t\t\t\t\t<p>PACIFISTAS<\/p><p>COLOMBIA 2003 &#8211; GUILLERMO GAVIRIA y GILBERTO ECHEVERRI<br \/><a href=\"https:\/\/www.elcolombiano.com\/antioquia\/asi-fue-secuestro-de-guillermo-gaviria-y-mejia-LC25369471\" target=\"_blank\" rel=\"noopener\">El Colombiano &#8211; 2024<\/a><br \/><a href=\"https:\/\/www.eltiempo.com\/politica\/proceso-de-paz\/cronica-de-la-masacre-en-la-que-murio-guillermo-gaviria-correa-723724\" target=\"_blank\" rel=\"noopener\">El Tiempo &#8211; 2022<\/a><\/p><p>USA 1968 &#8211; MARTIN LUTHER KING<br \/>&#8211; <a href=\"https:\/\/www.nationalgeographic.es\/historia\/martin-luther-king-quien-fue\" target=\"_blank\" rel=\"noopener\">nationalgeographic.es<\/a><br \/>&#8211; <a href=\"https:\/\/revistadiners.com.co\/cultura\/archivo\/43752_martin-luther-king\/\" target=\"_blank\" rel=\"noopener\">revistadiners.com.co<\/a><\/p><p><a href=\"https:\/\/historia.nationalgeographic.com.es\/a\/malcolm-x-activista-que-defendio-a-suyos-hasta-muerte_20307\" target=\"_blank\" rel=\"noopener\">USA 1965 &#8211; MALCOM X<\/a><\/p>\t\t\t\t\t\t\t\t<\/div>\n\t\t\t\t<\/div>\n\t\t\t\t<\/div>\n\t\t\t\t<\/div>\n\t\t\t\t\t<\/div>\n\t\t\t\t<\/div>\n\t\t<div class=\"elementor-element elementor-element-5216aa3 e-flex e-con-boxed e-con e-parent\" data-id=\"5216aa3\" data-element_type=\"container\" data-e-type=\"container\">\n\t\t\t\t\t<div class=\"e-con-inner\">\n\t\t<div class=\"elementor-element elementor-element-58ca043 e-con-full e-flex e-con e-child\" data-id=\"58ca043\" data-element_type=\"container\" data-e-type=\"container\">\n\t\t\t\t<div class=\"elementor-element elementor-element-ec9b1fc elementor-widget elementor-widget-text-editor\" data-id=\"ec9b1fc\" data-element_type=\"widget\" data-e-type=\"widget\" data-widget_type=\"text-editor.default\">\n\t\t\t\t<div class=\"elementor-widget-container\">\n\t\t\t\t\t\t\t\t\t<p>COLOMBIA<\/p><p><a href=\"https:\/\/indepaz.org.co\/informe-de-masacres-en-colombia-durante-el-2020-2021\/comment-page-4\/\" target=\"_blank\" rel=\"noopener\">COLOMBIA 2020 \u2013 2021 MASACRES<\/a><\/p><p><a href=\"https:\/\/www.infobae.com\/america\/colombia\/2022\/03\/18\/1327-lideres-sociales-y-firmantes-de-paz-han-sido-asesinados-tras-la-firma-del-acuerdo-en-colombia\/\" target=\"_blank\" rel=\"noopener\">COLOMBIA 2022<\/a><\/p><p><a href=\"https:\/\/www.eltiempo.com\/politica\/proceso-de-paz\/bojaya-asi-fue-la-masacre-que-conmociono-a-colombia-y-al-mundo-669283\" target=\"_blank\" rel=\"noopener\">COLOMBIA 2002 GUERRILLA &#8211; FARC \/ MASACRE EN LA IGLESIA DE BOJAY\u00c1<\/a><\/p><p><a href=\"https:\/\/www.bbc.com\/mundo\/noticias-america-latina-37541772\" target=\"_blank\" rel=\"noopener\">COLOMBIA 2002 GUERRILLA &#8211; FARC \/ MASACRE EN LA IGLESIA DE BOJAY\u00c1<\/a><\/p><p><a href=\"https:\/\/prezi.com\/mfu6acoijklr\/la-masacre-del-salado-bolivar\/\" target=\"_blank\" rel=\"noopener\">COLOMBIA 2000 PARAMILITARES &#8211; BLOQUE NORTE \/ MASACRE DEL SALADO BOLIVAR<\/a><\/p><p>\u00a0<\/p>\t\t\t\t\t\t\t\t<\/div>\n\t\t\t\t<\/div>\n\t\t\t\t<\/div>\n\t\t<div class=\"elementor-element elementor-element-e3e8fca e-con-full e-flex e-con e-child\" data-id=\"e3e8fca\" data-element_type=\"container\" data-e-type=\"container\">\n\t\t\t\t<div class=\"elementor-element elementor-element-15af8a3 elementor-widget elementor-widget-text-editor\" data-id=\"15af8a3\" data-element_type=\"widget\" data-e-type=\"widget\" data-widget_type=\"text-editor.default\">\n\t\t\t\t<div class=\"elementor-widget-container\">\n\t\t\t\t\t\t\t\t\t<p>RELIGIONES<\/p><p><a href=\"https:\/\/x.com\/ImtiazMadmood\/status\/1894819793653436648\" target=\"_blank\" rel=\"noopener\">RDC 2025 &#8211; MASACRE DE CRISTIANOS &#8211; ataque terrorista islamista ISIS<\/a><\/p><p><a href=\"https:\/\/www.bvoltaire.fr\/70-chretiens-decapites-par-des-islamistes-au-congo-le-monde-sen-fiche\/\" target=\"_blank\" rel=\"noopener\">RDC 2025 &#8211; MASACRES DE CRISTIANOS \u2013 decapitados Iglesia<\/a><\/p><p><a href=\"https:\/\/fr.aleteia.org\/2025\/02\/20\/70-chretiens-retrouves-decapites-dans-une-eglise-en-rdc\" target=\"_blank\" rel=\"noopener\">RDC 2025 &#8211; MASACRE DE CRISTIANOS &#8211; ataque terrorista islamista ISIS \u2013 iglesia<\/a><\/p><p><a href=\"https:\/\/www.dailymotion.com\/video\/x2i3o55\" target=\"_blank\" rel=\"noopener\">SIRIA 2025 &#8211; MASACRE DE CRISTIANOS<\/a><\/p><p><a href=\"https:\/\/www.lemonde.fr\/international\/article\/2024\/09\/17\/les-chretiens-de-syrie-une-communaute-en-voie-d-effacement_6320855_3210.html?utm_source=chatgpt.com\" target=\"_blank\" rel=\"noopener\">SIRIA 2024 &#8211; MASACRES DE CRISTIANOS por los ISLAMISTAS<\/a><\/p><p><a href=\"https:\/\/www.elindependent.org\/blog\/2008\/03\/24\/la-masacre-del\/\" target=\"_blank\" rel=\"noopener\">TIBET 2008 &#8211; MASACRES DE MONJES BUDISTAS<\/a><\/p><p>\u00a0<\/p>\t\t\t\t\t\t\t\t<\/div>\n\t\t\t\t<\/div>\n\t\t\t\t<\/div>\n\t\t\t\t\t<\/div>\n\t\t\t\t<\/div>\n\t\t<div class=\"elementor-element elementor-element-c927f26 e-flex e-con-boxed e-con e-parent\" data-id=\"c927f26\" data-element_type=\"container\" data-e-type=\"container\">\n\t\t\t\t\t<div class=\"e-con-inner\">\n\t\t<div class=\"elementor-element elementor-element-ccf55a2 e-con-full e-flex e-con e-child\" data-id=\"ccf55a2\" data-element_type=\"container\" data-e-type=\"container\">\n\t\t\t\t<div class=\"elementor-element elementor-element-5865b6b elementor-widget__width-initial elementor-widget elementor-widget-text-editor\" data-id=\"5865b6b\" data-element_type=\"widget\" data-e-type=\"widget\" data-widget_type=\"text-editor.default\">\n\t\t\t\t<div class=\"elementor-widget-container\">\n\t\t\t\t\t\t\t\t\t<p>MUNDO<\/p><p><a href=\"https:\/\/periodistas-es.com\/rohinyas-cinco-anos-de-persecuciones-y-asesinatos-sin-justicia-para-las-victimas-161238\" target=\"_blank\" rel=\"noopener\">BIRMANIA 2017 &#8211; GENOCIDIO ROHINYAS<\/a><\/p><p><a href=\"https:\/\/x.com\/Wanderlust1184\/status\/1853038801318224120\" target=\"_blank\" rel=\"noopener\">CHINA 1989 &#8211; BEIJING \u2013 PLAZA DE TIANANMEN Photo by JeffWidener AP<\/a><\/p><p><a href=\"https:\/\/www.jewishvirtuallibrary.org\/massacres-at-sabra-and-shatila\" target=\"_blank\" rel=\"noopener\">LIBAN 1982 &#8211; LEBANESE FORCES \/ SABRA AND SHATILA MASSACRE<\/a><\/p><p><a href=\"https:\/\/bibliobs.nouvelobs.com\/documents\/20140424.OBS5085\/ils-ont-coupe-tous-ceux-qu-ils-attrapaient-parole-de-tutsi.html\" target=\"_blank\" rel=\"noopener\">RWANDA 1994 &#8211; HUTUS \/ MASSACRE de TUTSIS<\/a><\/p>\t\t\t\t\t\t\t\t<\/div>\n\t\t\t\t<\/div>\n\t\t\t\t<\/div>\n\t\t\t\t\t<\/div>\n\t\t\t\t<\/div>\n\t\t\t\t<\/div>\n\t\t","protected":false},"excerpt":{"rendered":"<p>\u00a0 \u00a0 \u00a0 \u00a0 \u00a0 \u00a0 \u00a0 \u00a0 \u00a0 \u00a0 \u00a0 \u00a0 act V : LOS HUGONOTES ADVERTENCIA &#8211; IM\u00c1GENES SENSIBLES MASACRES R\u00cdOS COLOMBIA &#8211; R\u00cdO CAUCA\u00a0\u00a0 COLOMBIA &#8211; R\u00cdOS RWANDA 2014 &#8211; LAGO RWERU SIRIA 2013 &#8211; R\u00cdO QUEIQ PACIFISTAS COLOMBIA 2003 &#8211; GUILLERMO GAVIRIA y GILBERTO ECHEVERRIEl Colombiano &#8211; 2024El Tiempo &#8211; 2022&hellip;&nbsp;<a href=\"https:\/\/janca.com\/home\/acto_v_ref_historica\/\" rel=\"bookmark\">Leer m\u00e1s &raquo;<span class=\"screen-reader-text\">acto_v_ref_historica<\/span><\/a><\/p>\n","protected":false},"author":1,"featured_media":0,"parent":0,"menu_order":0,"comment_status":"closed","ping_status":"closed","template":"page-templates\/template-pagebuilder-full-width.php","meta":{"neve_meta_sidebar":"","neve_meta_container":"","neve_meta_enable_content_width":"","neve_meta_content_width":0,"neve_meta_title_alignment":"","neve_meta_author_avatar":"","neve_post_elements_order":"","neve_meta_disable_header":"","neve_meta_disable_footer":"","neve_meta_disable_title":"","neve_meta_reading_time":"","_themeisle_gutenberg_block_has_review":false,"footnotes":""},"class_list":["post-3681","page","type-page","status-publish","hentry"],"_links":{"self":[{"href":"https:\/\/janca.com\/home\/wp-json\/wp\/v2\/pages\/3681","targetHints":{"allow":["GET"]}}],"collection":[{"href":"https:\/\/janca.com\/home\/wp-json\/wp\/v2\/pages"}],"about":[{"href":"https:\/\/janca.com\/home\/wp-json\/wp\/v2\/types\/page"}],"author":[{"embeddable":true,"href":"https:\/\/janca.com\/home\/wp-json\/wp\/v2\/users\/1"}],"replies":[{"embeddable":true,"href":"https:\/\/janca.com\/home\/wp-json\/wp\/v2\/comments?post=3681"}],"version-history":[{"count":13,"href":"https:\/\/janca.com\/home\/wp-json\/wp\/v2\/pages\/3681\/revisions"}],"predecessor-version":[{"id":4109,"href":"https:\/\/janca.com\/home\/wp-json\/wp\/v2\/pages\/3681\/revisions\/4109"}],"wp:attachment":[{"href":"https:\/\/janca.com\/home\/wp-json\/wp\/v2\/media?parent=3681"}],"curies":[{"name":"wp","href":"https:\/\/api.w.org\/{rel}","templated":true}]}}