{"id":1574,"date":"2025-03-04T20:37:11","date_gmt":"2025-03-04T20:37:11","guid":{"rendered":"https:\/\/janca.com\/home\/?page_id=1574"},"modified":"2025-04-24T20:57:02","modified_gmt":"2025-04-24T20:57:02","slug":"silences-terrorismo","status":"publish","type":"page","link":"https:\/\/janca.com\/home\/silences-terrorismo\/","title":{"rendered":"Silences-TERRORISMO"},"content":{"rendered":"\t\t<div data-elementor-type=\"wp-page\" data-elementor-id=\"1574\" class=\"elementor elementor-1574\">\n\t\t\t\t<div class=\"elementor-element elementor-element-b59ebc8 e-flex e-con-boxed e-con e-parent\" data-id=\"b59ebc8\" data-element_type=\"container\" data-e-type=\"container\">\n\t\t\t\t\t<div class=\"e-con-inner\">\n\t\t<div class=\"elementor-element elementor-element-8edb2fe e-con-full e-flex e-con e-child\" data-id=\"8edb2fe\" data-element_type=\"container\" data-e-type=\"container\">\n\t\t\t\t<div class=\"elementor-element elementor-element-0f27d77 elementor-widget elementor-widget-text-editor\" data-id=\"0f27d77\" data-element_type=\"widget\" data-e-type=\"widget\" data-widget_type=\"text-editor.default\">\n\t\t\t\t<div class=\"elementor-widget-container\">\n\t\t\t\t\t\t\t\t\t<p style=\"text-align: right;\">PRENSA &#8211; TERRORISMO\u00a0 \u00a0 \u00a0 \u00a0 \u00a0 \u00a0 \u00a0 \u00a0\u00a0<\/p>\t\t\t\t\t\t\t\t<\/div>\n\t\t\t\t<\/div>\n\t\t\t\t<\/div>\n\t\t<div class=\"elementor-element elementor-element-81a12f7 e-con-full e-flex e-con e-child\" data-id=\"81a12f7\" data-element_type=\"container\" data-e-type=\"container\">\n\t\t\t\t<div class=\"elementor-element elementor-element-92f5e28 elementor-widget elementor-widget-image\" data-id=\"92f5e28\" data-element_type=\"widget\" data-e-type=\"widget\" data-widget_type=\"image.default\">\n\t\t\t\t<div class=\"elementor-widget-container\">\n\t\t\t\t\t\t\t\t\t\t\t\t\t\t\t\t<a href=\"https:\/\/janca.com\/home\/silences_links_prensa\/\">\n\t\t\t\t\t\t\t<img decoding=\"async\" width=\"31\" height=\"23\" src=\"https:\/\/janca.com\/home\/wp-content\/uploads\/2025\/04\/fleizqamarilla.png\" class=\"attachment-large size-large wp-image-2750\" alt=\"\" \/>\t\t\t\t\t\t\t\t<\/a>\n\t\t\t\t\t\t\t\t\t\t\t\t\t\t\t<\/div>\n\t\t\t\t<\/div>\n\t\t\t\t<\/div>\n\t\t\t\t\t<\/div>\n\t\t\t\t<\/div>\n\t\t<div class=\"elementor-element elementor-element-6f6e8fb e-flex e-con-boxed e-con e-parent\" data-id=\"6f6e8fb\" data-element_type=\"container\" data-e-type=\"container\">\n\t\t\t\t\t<div class=\"e-con-inner\">\n\t\t\t\t<div class=\"elementor-element elementor-element-6e4f457 elementor-invisible elementor-widget elementor-widget-text-editor\" data-id=\"6e4f457\" data-element_type=\"widget\" data-e-type=\"widget\" data-settings=\"{&quot;_animation&quot;:&quot;zoomIn&quot;}\" data-widget_type=\"text-editor.default\">\n\t\t\t\t<div class=\"elementor-widget-container\">\n\t\t\t\t\t\t\t\t\t<p style=\"text-align: center;\"><span style=\"color: #ff0000;\">ADVERTENCIA &#8211; IMAGENES SENSIBLES.<\/span><\/p>\t\t\t\t\t\t\t\t<\/div>\n\t\t\t\t<\/div>\n\t\t\t\t\t<\/div>\n\t\t\t\t<\/div>\n\t\t<div class=\"elementor-element elementor-element-e350f85 e-flex e-con-boxed e-con e-parent\" data-id=\"e350f85\" data-element_type=\"container\" data-e-type=\"container\">\n\t\t\t\t\t<div class=\"e-con-inner\">\n\t\t\t\t<div class=\"elementor-element elementor-element-752dc3d elementor-widget elementor-widget-text-editor\" data-id=\"752dc3d\" data-element_type=\"widget\" data-e-type=\"widget\" data-widget_type=\"text-editor.default\">\n\t\t\t\t<div class=\"elementor-widget-container\">\n\t\t\t\t\t\t\t\t\t<p><a href=\"https:\/\/www.parismatch.com\/Actu\/Societe\/La-liberte-de-la-presse-qu-on-d-assassine-685088\" target=\"_blank\" rel=\"noopener\"> FRANCIA 2015 &#8211; PARIS &#8211; Ataque terrorista isl\u00e1mico a la revista CHARLIE.<\/a><br \/><a href=\"https:\/\/www.afvt.org\/\" target=\"_blank\" rel=\"noopener\"> ASSOCIATION FRANCAISE DES VICTIMES DE TERRORISME.<\/a><\/p><p><a href=\"https:\/\/www.semana.com\/nacion\/articulo\/el-collar-del-terror\/42339-3\/\" target=\"_blank\" rel=\"noopener\">COLOMBIA 2000 CHIQUINQUIRA \u2013 collar bomba.<\/a><br \/><a href=\"https:\/\/caracol.com.co\/radio\/2000\/05\/16\/nacional\/0958456800_092996.html\" target=\"_blank\" rel=\"noopener\">COLOMBIA 2000 CHIQUINQUIRA \u2013 collar bomba.<\/a><br \/><a href=\"https:\/\/www.senalmemoria.co\/articulos\/atentado-avianca-vuelo-203\" target=\"_blank\" rel=\"noopener\">COLOMBIA 1989 BOGOT\u00c1 &#8211; Ataque terrorista mafioso \u2013 explosi\u00f3n avi\u00f3n.<\/a><br \/><a href=\"https:\/\/www.bbc.com\/mundo\/noticias-60693476\" target=\"_blank\" rel=\"noopener\">ESPA\u00d1A 2004 MADRID \u2013 ATOCHA &#8211; Ataque terrorista isl\u00e1mico \u2013 Estaci\u00f3n de tren.<\/a><br \/><a href=\"https:\/\/www.francetvinfo.fr\/faits-divers\/terrorisme\/attentat-a-la-basilique-notre-dame-a-nice\/\" target=\"_blank\" rel=\"noopener\">FRANCIA 2020 NICE &#8211; Ataque terrorista isl\u00e1mico &#8211; Basilica.<\/a><br \/><a href=\"https:\/\/musee-memorial-terrorisme.fr\/lattentat-du-marche-de-noel-de-strasbourg\" target=\"_blank\" rel=\"noopener\">FRANCIA 2018 STRASBOURG\u00a0 Ataque terrorista isl\u00e1mico \u2013 acuchillaron personas en la calle.<\/a><br \/><a href=\"https:\/\/www.lemonde.fr\/attentat-de-nice\/\" target=\"_blank\" rel=\"noopener\">FRANCIA 2016 NICE &#8211; Ataque terrorista isl\u00e1mico cami\u00f3n atropell\u00f3 multitud.<\/a><br \/><a href=\"https:\/\/fr.euronews.com\/2016\/07\/26\/france-prise-d-otage-dans-une-eglise-de-saint-etienne-du-rouvray-normandie\" target=\"_blank\" rel=\"noopener\">FRANCIA 2016 ROUEN &#8211; Ataque terrorista isl\u00e1mico.<\/a><br \/><a href=\"https:\/\/www.bbc.com\/mundo\/noticias-internacional-54785735\" target=\"_blank\" rel=\"noopener\">FRANCIA 2015 BATACLAN &#8211; Ataque terrorista isl\u00e1mico &#8211; sala de concierto.<\/a><br \/><a href=\"https:\/\/www.lesechos.fr\/politique-societe\/societe\/attentats-du-13-novembre-2015-dans-lenfer-du-bataclan-1343365\" target=\"_blank\" rel=\"noopener\">FRANCIA 2015 BATACLAN &#8211; Ataque terrorista isl\u00e1mico &#8211; sala de concierto.<\/a><br \/><a href=\"https:\/\/www.rfi.fr\/fr\/france\/20150108-charlie-hebdo-presse-attentat-paris-internationale-hommage-liberte\" target=\"_blank\" rel=\"noopener\">FRANCIA 2015 PARIS &#8211; Ataque terrorista isl\u00e1mico a la revista CHARLIE Masacraron a los periodistas.<\/a><br \/><a href=\"https:\/\/www.tf1info.fr\/international\/terrorisme-daech-al-qaida-boko-haram-aqmi-aqpa-qui-est-qui-on-vous-explique-tout-1500102.html\" target=\"_blank\" rel=\"noopener\">NIGERIA 2014 Terroristas isl\u00e1micos : DAESH \u2013 AL QAIDA \u2013 BOKO HARAM \u2013 AQMI &#8211; AQPA.<\/a><br \/><a href=\"https:\/\/www.bbc.com\/afrique\/articles\/crgr1j30rxno\" target=\"_blank\" rel=\"noopener\">RUSSIA 2024 MOSCU &#8211; Ataque terrorista isl\u00e1mico \u2013 sala de concierto.<\/a><br \/><a href=\"https:\/\/www.cnews.fr\/monde\/2024-09-01\/russie-il-y-20-ans-la-prise-dotages-de-lecole-de-beslan-virait-au-massacre-causant\" target=\"_blank\" rel=\"noopener\">RUSSIA 2024 MASCU &#8211; Ataque terrorista isl\u00e1mico \u2013 sala de concierto.<\/a><br \/><a href=\"https:\/\/www.cnews.fr\/monde\/2024-09-01\/russie-il-y-20-ans-la-prise-dotages-de-lecole-de-beslan-virait-au-massacre-causant\" target=\"_blank\" rel=\"noopener\">RUSSIA 2004 BESLAN &#8211; Ataque terrorista Checheno \u2013 secuestro en un colegio.<\/a><br \/><a href=\"https:\/\/www.britannica.com\/event\/Moscow-theater-hostage-crisis\" target=\"_blank\" rel=\"noopener\">RUSSIA 2002 MOSCU &#8211; Ataque terrorista Checheno \u2013 sala de teatro.<\/a><\/p>\t\t\t\t\t\t\t\t<\/div>\n\t\t\t\t<\/div>\n\t\t\t\t\t<\/div>\n\t\t\t\t<\/div>\n\t\t\t\t<\/div>\n\t\t","protected":false},"excerpt":{"rendered":"<p>PRENSA &#8211; TERRORISMO\u00a0 \u00a0 \u00a0 \u00a0 \u00a0 \u00a0 \u00a0 \u00a0\u00a0 ADVERTENCIA &#8211; IMAGENES SENSIBLES. FRANCIA 2015 &#8211; PARIS &#8211; Ataque terrorista isl\u00e1mico a la revista CHARLIE. ASSOCIATION FRANCAISE DES VICTIMES DE TERRORISME. COLOMBIA 2000 CHIQUINQUIRA \u2013 collar bomba.COLOMBIA 2000 CHIQUINQUIRA \u2013 collar bomba.COLOMBIA 1989 BOGOT\u00c1 &#8211; Ataque terrorista mafioso \u2013 explosi\u00f3n avi\u00f3n.ESPA\u00d1A 2004 MADRID \u2013&hellip;&nbsp;<a href=\"https:\/\/janca.com\/home\/silences-terrorismo\/\" rel=\"bookmark\">Leer m\u00e1s &raquo;<span class=\"screen-reader-text\">Silences-TERRORISMO<\/span><\/a><\/p>\n","protected":false},"author":1,"featured_media":0,"parent":0,"menu_order":0,"comment_status":"closed","ping_status":"closed","template":"page-templates\/template-pagebuilder-full-width.php","meta":{"neve_meta_sidebar":"","neve_meta_container":"","neve_meta_enable_content_width":"","neve_meta_content_width":0,"neve_meta_title_alignment":"","neve_meta_author_avatar":"","neve_post_elements_order":"","neve_meta_disable_header":"","neve_meta_disable_footer":"","neve_meta_disable_title":"","neve_meta_reading_time":"","_themeisle_gutenberg_block_has_review":false,"footnotes":""},"class_list":["post-1574","page","type-page","status-publish","hentry"],"_links":{"self":[{"href":"https:\/\/janca.com\/home\/wp-json\/wp\/v2\/pages\/1574","targetHints":{"allow":["GET"]}}],"collection":[{"href":"https:\/\/janca.com\/home\/wp-json\/wp\/v2\/pages"}],"about":[{"href":"https:\/\/janca.com\/home\/wp-json\/wp\/v2\/types\/page"}],"author":[{"embeddable":true,"href":"https:\/\/janca.com\/home\/wp-json\/wp\/v2\/users\/1"}],"replies":[{"embeddable":true,"href":"https:\/\/janca.com\/home\/wp-json\/wp\/v2\/comments?post=1574"}],"version-history":[{"count":23,"href":"https:\/\/janca.com\/home\/wp-json\/wp\/v2\/pages\/1574\/revisions"}],"predecessor-version":[{"id":3629,"href":"https:\/\/janca.com\/home\/wp-json\/wp\/v2\/pages\/1574\/revisions\/3629"}],"wp:attachment":[{"href":"https:\/\/janca.com\/home\/wp-json\/wp\/v2\/media?parent=1574"}],"curies":[{"name":"wp","href":"https:\/\/api.w.org\/{rel}","templated":true}]}}