{"id":1538,"date":"2025-03-04T20:26:06","date_gmt":"2025-03-04T20:26:06","guid":{"rendered":"https:\/\/janca.com\/home\/?page_id=1538"},"modified":"2025-04-25T02:20:21","modified_gmt":"2025-04-25T02:20:21","slug":"silences-desmembramientos","status":"publish","type":"page","link":"https:\/\/janca.com\/home\/silences-desmembramientos\/","title":{"rendered":"Silences-DESMEMBRAMIENTOS"},"content":{"rendered":"\t\t<div data-elementor-type=\"wp-page\" data-elementor-id=\"1538\" class=\"elementor elementor-1538\">\n\t\t\t\t<div class=\"elementor-element elementor-element-258c0ee e-flex e-con-boxed e-con e-parent\" data-id=\"258c0ee\" data-element_type=\"container\" data-e-type=\"container\">\n\t\t\t\t\t<div class=\"e-con-inner\">\n\t\t<div class=\"elementor-element elementor-element-7cb61af e-con-full e-flex e-con e-child\" data-id=\"7cb61af\" data-element_type=\"container\" data-e-type=\"container\">\n\t\t\t\t<div class=\"elementor-element elementor-element-acec3ed elementor-widget elementor-widget-text-editor\" data-id=\"acec3ed\" data-element_type=\"widget\" data-e-type=\"widget\" data-widget_type=\"text-editor.default\">\n\t\t\t\t<div class=\"elementor-widget-container\">\n\t\t\t\t\t\t\t\t\t<h4 style=\"text-align: center;\"><span style=\"color: #ffffff;\">&nbsp; &nbsp; &nbsp; &nbsp; &nbsp; &nbsp; &nbsp; &nbsp; &nbsp; &nbsp; &nbsp; &nbsp; &nbsp; &nbsp; &nbsp; &nbsp; &nbsp; &nbsp; &nbsp; &nbsp; &nbsp; &nbsp; &nbsp; &nbsp; &nbsp; &nbsp;PRENSA \/ DESMEMBRAMIENTOS<\/span><\/h4>\t\t\t\t\t\t\t\t<\/div>\n\t\t\t\t<\/div>\n\t\t\t\t<\/div>\n\t\t<div class=\"elementor-element elementor-element-b73b93d e-con-full e-flex e-con e-child\" data-id=\"b73b93d\" data-element_type=\"container\" data-e-type=\"container\">\n\t\t\t\t<div class=\"elementor-element elementor-element-5972d23 elementor-widget elementor-widget-image\" data-id=\"5972d23\" data-element_type=\"widget\" data-e-type=\"widget\" data-widget_type=\"image.default\">\n\t\t\t\t<div class=\"elementor-widget-container\">\n\t\t\t\t\t\t\t\t\t\t\t\t\t\t\t\t<a href=\"https:\/\/janca.com\/home\/silences_links_prensa\/\">\n\t\t\t\t\t\t\t<img decoding=\"async\" width=\"31\" height=\"23\" src=\"https:\/\/janca.com\/home\/wp-content\/uploads\/2025\/04\/fleizqamarilla.png\" class=\"attachment-large size-large wp-image-2750\" alt=\"\" \/>\t\t\t\t\t\t\t\t<\/a>\n\t\t\t\t\t\t\t\t\t\t\t\t\t\t\t<\/div>\n\t\t\t\t<\/div>\n\t\t\t\t<\/div>\n\t\t\t\t\t<\/div>\n\t\t\t\t<\/div>\n\t\t<div class=\"elementor-element elementor-element-137bd45 e-flex e-con-boxed elementor-invisible e-con e-parent\" data-id=\"137bd45\" data-element_type=\"container\" data-e-type=\"container\" data-settings=\"{&quot;animation&quot;:&quot;zoomIn&quot;}\">\n\t\t\t\t\t<div class=\"e-con-inner\">\n\t\t\t\t<div class=\"elementor-element elementor-element-b576ae1 elementor-invisible elementor-widget elementor-widget-text-editor\" data-id=\"b576ae1\" data-element_type=\"widget\" data-e-type=\"widget\" data-settings=\"{&quot;_animation&quot;:&quot;zoomIn&quot;}\" data-widget_type=\"text-editor.default\">\n\t\t\t\t<div class=\"elementor-widget-container\">\n\t\t\t\t\t\t\t\t\t<p style=\"text-align: center;\"><span style=\"color: #ff0000;\">ADVERTENCIA, IM\u00c1GENES SENSIBLES<\/span><\/p>\t\t\t\t\t\t\t\t<\/div>\n\t\t\t\t<\/div>\n\t\t\t\t\t<\/div>\n\t\t\t\t<\/div>\n\t\t<div class=\"elementor-element elementor-element-df00587 e-flex e-con-boxed e-con e-parent\" data-id=\"df00587\" data-element_type=\"container\" data-e-type=\"container\">\n\t\t\t\t\t<div class=\"e-con-inner\">\n\t\t<div class=\"elementor-element elementor-element-69de3f5 e-con-full e-flex e-con e-child\" data-id=\"69de3f5\" data-element_type=\"container\" data-e-type=\"container\">\n\t\t\t\t<div class=\"elementor-element elementor-element-ec5e3b3 elementor-widget elementor-widget-text-editor\" data-id=\"ec5e3b3\" data-element_type=\"widget\" data-e-type=\"widget\" data-widget_type=\"text-editor.default\">\n\t\t\t\t<div class=\"elementor-widget-container\">\n\t\t\t\t\t\t\t\t\t<p><a href=\"https:\/\/bibliobs.nouvelobs.com\/documents\/20140424.OBS5085\/ils-ont-coupe-tous-ceux-qu-ils-attrapaient-parole-de-tutsi.html\" target=\"_blank\" rel=\"noopener\">RWANDA 1994 &#8211; HUTUS \/ MASSACRE de TUTSIS<\/a><\/p><p><a href=\"https:\/\/www.slate.fr\/lien\/54931\/corps-decapites-autoroute-mexique\" target=\"_blank\" rel=\"noopener\">MEXICO 2014<\/a> &#8211; Mexique: 49 corps d\u00e9capit\u00e9s d\u00e9couverts sur les bords d&#8217;une autoroute (slate.fr)<\/p><p><a href=\"https:\/\/www.ladepeche.fr\/2023\/06\/05\/mexique-45-sacs-contenant-des-restes-humains-decouverts-dans-un-ravin-apres-la-disparition-de-huit-personnes-11236075.php\" target=\"_blank\" rel=\"noopener\">MEXICO 2024<\/a> (ladepeche.fr)<\/p><p><a href=\"https:\/\/www.slate.fr\/lien\/54931\/corps-decapites-autoroute-mexique\" target=\"_blank\" rel=\"noopener\">MEXICO 2014<\/a> (slate.fr)<\/p><p><a href=\"https:\/\/www.ladepeche.fr\/2023\/06\/05\/mexique-45-sacs-contenant-des-restes-humains-decouverts-dansun-ravin-apres-la-disparition-de-huit-personnes-11236075.php\" target=\"_blank\" rel=\"noopener\">MEXICO 2024<\/a> (ladepeche.fr)<\/p><p><a href=\"https:\/\/www.elpais.com.co\/judicial\/volvio-el-terror-a-buenaventura-casas-de-pique-siguen-funcionando.html\" target=\"_blank\" rel=\"noopener\">COLOMBIA 2015 BUENAVENTURA \/ CASAS DE PIQUE<\/a> (elpais.com.co)<\/p><p><a href=\"https:\/\/www.semana.com\/nacion\/articulo\/casas-de-pique-en-tumaco-prueba-de-la-existencia\/566237\" target=\"_blank\" rel=\"noopener\">COLOMBIA 2018 TUMACO \/ CASAS DE PIQUE<\/a> (semana.com)<\/p><p><a href=\"https:\/\/www.las2orillas.co\/casas-de-pique-en-el-bronx\/\" target=\"_blank\" rel=\"noopener\">COLOMBIA 2016 BOGOTA \/ CASAS DE PIQUE<\/a> (las2orillas.co)<\/p>\t\t\t\t\t\t\t\t<\/div>\n\t\t\t\t<\/div>\n\t\t\t\t<\/div>\n\t\t<div class=\"elementor-element elementor-element-209ca92 e-con-full e-flex e-con e-child\" data-id=\"209ca92\" data-element_type=\"container\" data-e-type=\"container\">\n\t\t\t\t<div class=\"elementor-element elementor-element-73cf3d4 elementor-widget elementor-widget-text-editor\" data-id=\"73cf3d4\" data-element_type=\"widget\" data-e-type=\"widget\" data-widget_type=\"text-editor.default\">\n\t\t\t\t<div class=\"elementor-widget-container\">\n\t\t\t\t\t\t\t\t\t<p>COLOMBIA 2018 CASAS DE PIQUE:\u00a0<\/p><ul><li><a href=\"https:\/\/www.lafm.com.co\/colombia\/casas-de-pique-macabra-practica-que-aun-no-desaparece\" target=\"_blank\" rel=\"noopener\">lafm.com.co<\/a> sep 2018<\/li><li><a href=\"https:\/\/www.rcnradio.com\/colombia\/el-terror-las-casas-de-pique-regreso-colombia\" target=\"_blank\" rel=\"noopener\">rcnradio.com<\/a> sep 2018<\/li><li><a href=\"https:\/\/www.semana.com\/nacion\/articulo\/carceles-de-pique-testimonio-de-un-exparamilitar-sobre-desapariciones-en-la-modelo\/461109\" target=\"_blank\" rel=\"noopener\">semana.com<\/a>\u00a0 feb 2016<\/li><li><a href=\"https:\/\/www.semana.com\/nacion\/articulo\/informe-de-la-defensoria-del-pueblo-sobre-la-violencia-en-tumaco\/566649\" target=\"_blank\" rel=\"noopener\">semana.com<\/a> may 2018<\/li><li><a href=\"https:\/\/www.semana.com\/nacion\/articulo\/vuelven-las-casas-de-pique-en-medellin\/445583-3\" target=\"_blank\" rel=\"noopener\">semana.com<\/a> oct 2015<\/li><li><a href=\"https:\/\/www.semana.com\/nacion\/articulo\/chily-lidero-casas-de-pique-en-buenaventura\/472629\" target=\"_blank\" rel=\"noopener\">semana.com<\/a> may 2016<\/li><li><a href=\"https:\/\/www.semana.com\/opinion\/articulo\/culpables-de-la-crisis-economica-y-social-en-buenaventura\/527771\" target=\"_blank\" rel=\"noopener\">semana.com<\/a> jun 2015<\/li><li><a style=\"font-family: var( --e-global-typography-text-font-family ), Sans-serif; font-weight: var( --e-global-typography-text-font-weight ); text-align: var(--text-align); background-color: var(--nv-site-bg); font-size: var(--bodyfontsize); letter-spacing: var(--bodyletterspacing); text-transform: var(--bodytexttransform);\" href=\"https:\/\/www.semana.com\/nacion\/articulo\/buenaventura-revivieron-las-tenebrosas-casas-de-pique\/202200\/\" target=\"_blank\" rel=\"noopener\">semana.com<\/a> mar 2022<\/li><li><a href=\"https:\/\/www.las2orillas.co\/la-lider-social-de-buenaventura-que-sigue-luchando-contra-las-casas-de-pique\/\" target=\"_blank\" rel=\"noopener\">las2orillas.co<\/a> abr 2021<\/li><li><a href=\"https:\/\/www.semana.com\/nacion\/articulo\/carceles-de-pique-testimonio-de-un-exparamilitar-sobre-desapariciones-en-la-modelo\/461109\" target=\"_blank\" rel=\"noopener\">semana.com<\/a> feb 2016<\/li><\/ul><p><a href=\"https:\/\/www.eluniversal.com.mx\/mundo\/asi-eran-las-escuelas-de-paramilitares-en-colombia-donde-hasta-ninos-aprendian-descuartizar\/\" target=\"_blank\" rel=\"noopener\">COLOMBIA 1997 \/ ESCUELAS DE DESMEMBRAMIENTO<\/a> (eluniversal.com.mx)<\/p><p><a href=\"https:\/\/www.laopinion.co\/colombia\/las-despiadadas-escuelas-de-entrenamiento-paramilitar\" target=\"_blank\" rel=\"noopener\">COLOMBIA \u2013 2020 \/ Las despiadadas escuelas de entrenamiento paramilitar<\/a> (laopinion.co)<\/p>\t\t\t\t\t\t\t\t<\/div>\n\t\t\t\t<\/div>\n\t\t\t\t<\/div>\n\t\t\t\t\t<\/div>\n\t\t\t\t<\/div>\n\t\t\t\t<\/div>\n\t\t","protected":false},"excerpt":{"rendered":"<p>&nbsp; &nbsp; &nbsp; &nbsp; &nbsp; &nbsp; &nbsp; &nbsp; &nbsp; &nbsp; &nbsp; &nbsp; &nbsp; &nbsp; &nbsp; &nbsp; &nbsp; &nbsp; &nbsp; &nbsp; &nbsp; &nbsp; &nbsp; &nbsp; &nbsp; &nbsp;PRENSA \/ DESMEMBRAMIENTOS ADVERTENCIA, IM\u00c1GENES SENSIBLES RWANDA 1994 &#8211; HUTUS \/ MASSACRE de TUTSIS MEXICO 2014 &#8211; Mexique: 49 corps d\u00e9capit\u00e9s d\u00e9couverts sur les bords d&#8217;une autoroute (slate.fr) MEXICO 2024&hellip;&nbsp;<a href=\"https:\/\/janca.com\/home\/silences-desmembramientos\/\" rel=\"bookmark\">Leer m\u00e1s &raquo;<span class=\"screen-reader-text\">Silences-DESMEMBRAMIENTOS<\/span><\/a><\/p>\n","protected":false},"author":1,"featured_media":0,"parent":0,"menu_order":0,"comment_status":"closed","ping_status":"closed","template":"page-templates\/template-pagebuilder-full-width.php","meta":{"neve_meta_sidebar":"","neve_meta_container":"","neve_meta_enable_content_width":"","neve_meta_content_width":0,"neve_meta_title_alignment":"","neve_meta_author_avatar":"","neve_post_elements_order":"","neve_meta_disable_header":"","neve_meta_disable_footer":"","neve_meta_disable_title":"","neve_meta_reading_time":"","_themeisle_gutenberg_block_has_review":false,"footnotes":""},"class_list":["post-1538","page","type-page","status-publish","hentry"],"_links":{"self":[{"href":"https:\/\/janca.com\/home\/wp-json\/wp\/v2\/pages\/1538","targetHints":{"allow":["GET"]}}],"collection":[{"href":"https:\/\/janca.com\/home\/wp-json\/wp\/v2\/pages"}],"about":[{"href":"https:\/\/janca.com\/home\/wp-json\/wp\/v2\/types\/page"}],"author":[{"embeddable":true,"href":"https:\/\/janca.com\/home\/wp-json\/wp\/v2\/users\/1"}],"replies":[{"embeddable":true,"href":"https:\/\/janca.com\/home\/wp-json\/wp\/v2\/comments?post=1538"}],"version-history":[{"count":89,"href":"https:\/\/janca.com\/home\/wp-json\/wp\/v2\/pages\/1538\/revisions"}],"predecessor-version":[{"id":3594,"href":"https:\/\/janca.com\/home\/wp-json\/wp\/v2\/pages\/1538\/revisions\/3594"}],"wp:attachment":[{"href":"https:\/\/janca.com\/home\/wp-json\/wp\/v2\/media?parent=1538"}],"curies":[{"name":"wp","href":"https:\/\/api.w.org\/{rel}","templated":true}]}}